{"id":50756,"date":"2025-03-25T09:38:10","date_gmt":"2025-03-25T08:38:10","guid":{"rendered":"https:\/\/eurotherm.eu\/chi-siamo\/"},"modified":"2025-09-01T16:09:44","modified_gmt":"2025-09-01T14:09:44","slug":"uber-uns","status":"publish","type":"page","link":"https:\/\/eurotherm.eu\/de\/uber-uns\/","title":{"rendered":"\u00dcber uns"},"content":{"rendered":"\n<section  class=\"eth-normal-canvas hero-video no-bg animated\">\n            <div class=\"hero-video-wrapper\">\n        <div class=\"eth-video-overlay eth-play-video show\">\n            <span class=\"eth-video-overlayplay\">\n            <svg width=\"20\" height=\"22\" viewBox=\"0 0 20 22\" fill=\"none\" xmlns=\"http:\/\/www.w3.org\/2000\/svg\"><path d=\"M1.4676 1.41715L18.0654 10.9999L1.4676 20.5827L1.4676 1.41715Z\" fill=\"white\" stroke=\"white\" stroke-width=\"1.5\"\/><\/svg>\n            <\/span>\n        <\/div>\n        <video class=\"hero-vid\" autoplay loop playsinline muted poster=\"\">\n            <source src=\"https:\/\/eurotherm.eu\/wp-content\/uploads\/2025\/06\/Eurotherm-impianti-su-misura-per-verniciatura-industriale.mp4\" type=\"video\/mp4\">\n            Il tuo browser non supporta il tag video.\n        <\/video>\n    <\/div>\n        <div class=\"eth-normal-canvinner\">\n        <div class=\"container-fluid\">\n            <!-- breacrumb block -->\n                                     <div class=\"row align-items-start\">\n                <div class=\"col-lg-12\">\n                    <h1 style=\"color:#181e25\" class=\"main-hp-title xl\">\n                        Eurotherm Team: L\u00f6sung f\u00fcr jedes Problem im Zusammenhang mit dem Lackierprozess. Seit 1958                     <\/h1>\n                <\/div>\n            <\/div>\n                    <\/div>\n    <\/div>\n<\/section>\n\n<section  class=\" padding-big  \">\n    <div class=\"container-fluid\">\n        <section class=\"content-block overflow-hidden\" style=\"--color-animate-to: #181e25;\">\n            <div class=\"container-fluid\">\n                <div class=\"row\">\n                    <!-- left sidebar intro -->\n                                        <div class=\"col-lg-10\">\n                        <!-- contenuto testuale -->\n                                                    <div class=\"h1 colorating-text text-gray\">\n                                <p>Eurotherm l\u00f6st jedes Problem bei Lackierprozessen mit Innovation und Methode. Das hervorragende Preis-Leistungs-Verh\u00e4ltnis, die Anlagensicherheit und das spezifische Know-how in der Lackierbranche sind Ihr Vertrauen wert und das Ma\u00df unseres Erfolgs. <\/p>\n                            <\/div>\n                        \n                        <!-- immagine -->\n                                            <\/div>\n                    <!-- right sidebar intro -->\n                    <div class=\"col-lg-4 offset-lg-2\">\n                        <!-- paragrafo aggiuntivo -->\n                                                <!-- links da repeater -->\n                                            <\/div>\n                <\/div>\n            <\/div>\n        <\/section>\n    <\/div>\n<\/section>\n\n\n\n<section  class=\"horizontal-scroll\">\n    <div class=\"container-fluid\">\n        <div class=\"row my-5\">\n             <div class=\"col-lg-2\">\n                <h2 class=\"bordered-title h4 text-primary\">Unsere Geschichte<\/h2>\n            <\/div>\n        <\/div>\n        <div class=\"scroll-inner\">\n            <svg class=\"horizontal-svg\" width=\"6963\" height=\"594\" viewBox=\"0 6963 594\" fill=\"none\" xmlns=\"http:\/\/www.w3.org\/2000\/svg\">\n                <path class=\"st1\" d=\"M209,359.5v52.5c0,55.23,44.77,100,100,100h913.25c14.33,0,28.5-3.08,41.54-9.04l956.63-436.89c10.93-4.99,22.8-7.57,34.8-7.57h0c46.27,0,83.78,37.51,83.78,83.77v94.23c0,55.23,44.77,100,100,100h240.5c55.23,0,100,44.77,100,100v56c0,55.23,44.77,100,100,100h735.65c28.53,0,55.7-12.19,74.68-33.5l415.84-467c18.98-21.31,46.15-33.5,74.68-33.5h190.15c55.23,0,100,44.77,100,100v334c0,55.23,44.77,100,100,100h149.05c34.22,0,66.06-17.5,84.41-46.39l179.58-282.73c18.35-28.89,50.19-46.39,84.41-46.39h155.43c36.47,0,70.04,19.85,87.62,51.8l33.5,60.9c17.58,31.95,51.15,51.8,87.62,51.8h740.38c49.71,0,90-40.29,90-90h0v-90\" stroke=\"#F22821\" stroke-opacity=\"1\" stroke-width=\"3\"\/>\n                <path class=\"st0\" d=\"M209,342.5V102.49c0-55.23,44.77-100,99.99-100l5854-.48c55.23,0,100.01,44.77,100.01,100v70.99\" stroke=\"#F22821\" stroke-opacity=\"0.1\" stroke-width=\"3\"\/>\n            <\/svg>\n            <h2 class=\"timeline-big-titles h1 xl text-uppercase\" style=\"left: 420px;top: 80px;\">Eigenes Know-how und <br \/>eigene Produktion<\/h2>\n            <div class=\"timeline-point\" style=\"left: 195px; top: 313px;\">\n                <div class=\"timeline-marker\"><div class=\"timeline-connector\"><\/div><\/div>\n                <div class=\"timeline-text\">\n                    <div class=\"date h2\">1958<\/div>\n                    <div class=\"label\">Stiftung<\/div>\n                <\/div>\n            <\/div>\n\n            <div class=\"timeline-point\" style=\"left:2323px; top: 171px;\">\n                <div class=\"timeline-marker\"><div class=\"timeline-connector\"><\/div><\/div>\n                <div class=\"timeline-text\">\n                    <div class=\"date h2\">2015\/16<\/div>\n                    <div class=\"label\">Er\u00f6ffnung von Repr\u00e4sentanzen in Frankreich und Deutschland<\/div>\n                <\/div>\n            <\/div>\n\n            <div class=\"timeline-point\" style=\"left: 2763px; top: 409px;\">\n                <div class=\"timeline-marker\"><div class=\"timeline-connector\"><\/div><\/div>\n                <div class=\"timeline-text\">\n                    <div class=\"date h2\">2017<\/div>\n                    <div class=\"label\">Eurotherm wird eine S.p.A.<\/div>\n                <\/div>\n            <\/div>\n            <h2 class=\"timeline-big-titles h1 xl text-uppercase\" style=\"left: 3080px;top: 278px;\">LASST<br \/>UNS WACHSEN<\/h2>\n            <div class=\"timeline-point\" style=\"left: 3950px; top: 209px;\">\n                <div class=\"timeline-marker\"><div class=\"timeline-connector\"><\/div><\/div>\n                <div class=\"timeline-text\">\n                    <div class=\"date h2\">2018<\/div>\n                    <div class=\"label\">Er\u00f6ffnung eines neuen Produktionszentrums (5.300 m2) in Volpiano (IT)<\/div>\n                <\/div>\n            <\/div>\n\n            <div class=\"timeline-point\" style=\"left: 4455px; top: 294px;\">\n                <div class=\"timeline-marker\"><div class=\"timeline-connector\"><\/div><\/div>\n                <div class=\"timeline-text\">\n                    <div class=\"date h2\">2020<\/div>\n                    <div class=\"label\">Produktion einer neuen Linie medizinischer Durchlauf\u00f6fen<\/div>\n                <\/div>\n            <\/div>\n\n            <div class=\"timeline-point\" style=\"left: 4952px; top: 250px;\">\n                <div class=\"timeline-marker\"><div class=\"timeline-connector\"><\/div><\/div>\n                <div class=\"timeline-text\">\n                    <div class=\"date h2\">2021<\/div>\n                    <div class=\"label\">Erweiterung, Er\u00f6ffnung einer neuen Abteilung f\u00fcr Edelstahlverarbeitung<\/div>\n                <\/div>\n            <\/div>\n            <h2 class=\"timeline-big-titles h1 xl text-uppercase\" style=\"left: 5454px;top: 58px;\">WELTWEIT<br \/>DENKEN<\/h2>\n            <div class=\"timeline-point\" style=\"left: 6246px;top: 148px;\">\n                <div class=\"timeline-marker\"><div class=\"timeline-connector\"><\/div><\/div>\n                <div class=\"timeline-text\">\n                    <div class=\"date h2\">2023<\/div>\n                    <div class=\"label\">Er\u00f6ffnung des neuen Auslandsverkaufsb\u00fcros in Lyon (FR)<\/div>\n                <\/div>\n            <\/div>\n        <\/div>\n    <\/div>\n<\/section>\n\n\n<section  class=\"content-block d-flex align-items-center overflow-hidden\">\n    <div class=\"container-fluid\">\n        <div class=\"row align-items-center\">\n                        <div class=\"col-lg-5\">\n                <img decoding=\"async\" class=\"respimg\" src=\"https:\/\/eurotherm.eu\/wp-content\/uploads\/2025\/05\/persone-eurotherm.png\" alt=\"Staff Numbers\" title=\"Eurotherm\">\n            <\/div>\n                                    <div class=\"col-lg-7\">\n                <div class=\"staff-content\">\n                    <div class=\"h1\"><p>Heute arbeiten 95 Personen in der Zentrale in Volpiano (TO). Das Eurotherm-Team ist in den verschiedenen Gesch\u00e4ftsbereichen besch\u00e4ftigt und in Teams f\u00fcr die Eigenproduktion von Eurotherm-Industrielackieranlagen organisiert. <\/p>\n<\/div>\n                    <div class=\"h1 xl text-primary staff-bordered-number\">\n                        <span class=\"spacer\"><\/span>\n                        <span class=\"biggest-number\">95<\/span>\n                    <\/div>\n                <\/div>\n                \n            <\/div>\n                    <\/div>\n    <\/div>\n<\/section>\n\n\n<section   class=\"content-block d-flex align-items-center overflow-hidden margin-big\" id=\"staffBlock\">\n    <div class=\"container-fluid\">\n        <div class=\"header-content\">\n            <h2 class=\"h1 xl text-uppercase text-primary\">Meet Us<\/h2>\n        <\/div>\n        <div class=\"swiper-container swiper-staff\">\n            <div class=\"swiper-wrapper\">\n                                        <div class=\"swiper-slide\">\n                    \n                    <div class=\"card-contacts\">\n                        <div class=\"card-content py-1 px-2 py-lg-3 px-lg-4\">\n                            <div class=\"respimg-cont bordered-img\">\n                                                                    <img decoding=\"async\" src=\"https:\/\/eurotherm.eu\/wp-content\/uploads\/2025\/05\/Team-Eurotherm-03-688x1030-2-250x250.jpg\" alt=\"Eurotherm\" title=\"Eurotherm\">\n                                                            <\/div>\n                            <div class=\"mt-3 card-data\">\n                                <span class=\"d-block mb-2\">Paolo Ghiazza<br><\/span>\n                                <span class=\"bahnschrift body-sm d-block mb-2 text-gray card-member\">CEO Eurotherm S.p.A.<br><\/span>\n                                                                                            <\/div>\n                        <\/div>\n                    <\/div>\n\n                                    \n                    <div class=\"card-contacts\">\n                        <div class=\"card-content py-1 px-2 py-lg-3 px-lg-4\">\n                            <div class=\"respimg-cont bordered-img\">\n                                                                    <img decoding=\"async\" src=\"https:\/\/eurotherm.eu\/wp-content\/uploads\/2018\/11\/Team-Eurotherm-07-1-250x250.jpg\" alt=\"Eurotherm\" title=\"Eurotherm\">\n                                                            <\/div>\n                            <div class=\"mt-3 card-data\">\n                                <span class=\"d-block mb-2\">Raffaele Napolitano<br><\/span>\n                                <span class=\"bahnschrift body-sm d-block mb-2 text-gray card-member\">Verkaufsb\u00fcro<br><\/span>\n                                                                                            <\/div>\n                        <\/div>\n                    <\/div>\n\n                                            <\/div>\n                                                            <div class=\"swiper-slide\">\n                    \n                    <div class=\"card-contacts\">\n                        <div class=\"card-content py-1 px-2 py-lg-3 px-lg-4\">\n                            <div class=\"respimg-cont bordered-img\">\n                                                                    <img decoding=\"async\" src=\"https:\/\/eurotherm.eu\/wp-content\/uploads\/2023\/05\/MUZ0661-Raudet-low-1-250x250.jpg\" alt=\"Eurotherm\" title=\"Eurotherm\">\n                                                            <\/div>\n                            <div class=\"mt-3 card-data\">\n                                <span class=\"d-block mb-2\">Mathieu Raudet<br><\/span>\n                                <span class=\"bahnschrift body-sm d-block mb-2 text-gray card-member\">CEO Eurotherm France S.A.S.<br><\/span>\n                                                                                            <\/div>\n                        <\/div>\n                    <\/div>\n\n                                    \n                    <div class=\"card-contacts\">\n                        <div class=\"card-content py-1 px-2 py-lg-3 px-lg-4\">\n                            <div class=\"respimg-cont bordered-img\">\n                                                                    <img decoding=\"async\" src=\"https:\/\/eurotherm.eu\/wp-content\/uploads\/2018\/11\/Team-Eurotherm-09-250x250.jpg\" alt=\"Eurotherm\" title=\"Eurotherm\">\n                                                            <\/div>\n                            <div class=\"mt-3 card-data\">\n                                <span class=\"d-block mb-2\">Darren Bond<br><\/span>\n                                <span class=\"bahnschrift body-sm d-block mb-2 text-gray card-member\">Vertriebsleiter Ausland<br><\/span>\n                                                                                            <\/div>\n                        <\/div>\n                    <\/div>\n\n                                            <\/div>\n                                                            <div class=\"swiper-slide\">\n                    \n                    <div class=\"card-contacts\">\n                        <div class=\"card-content py-1 px-2 py-lg-3 px-lg-4\">\n                            <div class=\"respimg-cont bordered-img\">\n                                                                    <img decoding=\"async\" src=\"https:\/\/eurotherm.eu\/wp-content\/uploads\/2021\/06\/Joe-Kaut-1-250x250.jpg\" alt=\"Eurotherm\" title=\"Eurotherm\">\n                                                            <\/div>\n                            <div class=\"mt-3 card-data\">\n                                <span class=\"d-block mb-2\">Joe Kaut<br><\/span>\n                                <span class=\"bahnschrift body-sm d-block mb-2 text-gray card-member\">CEO &#8211; Gesch\u00e4ftsf\u00fchrer Eurotherm Oberfl\u00e4chentechnik GmbH<br><\/span>\n                                                                                            <\/div>\n                        <\/div>\n                    <\/div>\n\n                                    \n                    <div class=\"card-contacts\">\n                        <div class=\"card-content py-1 px-2 py-lg-3 px-lg-4\">\n                            <div class=\"respimg-cont bordered-img\">\n                                                                    <img decoding=\"async\" src=\"https:\/\/eurotherm.eu\/wp-content\/uploads\/2018\/11\/Team-Eurotherm-16-250x250.jpg\" alt=\"Eurotherm\" title=\"Eurotherm\">\n                                                            <\/div>\n                            <div class=\"mt-3 card-data\">\n                                <span class=\"d-block mb-2\">Anna Dicke<br><\/span>\n                                <span class=\"bahnschrift body-sm d-block mb-2 text-gray card-member\">Deutsches Vertriebsb\u00fcro<br><\/span>\n                                                                                            <\/div>\n                        <\/div>\n                    <\/div>\n\n                                            <\/div>\n                                                            <div class=\"swiper-slide\">\n                    \n                    <div class=\"card-contacts\">\n                        <div class=\"card-content py-1 px-2 py-lg-3 px-lg-4\">\n                            <div class=\"respimg-cont bordered-img\">\n                                                                    <img decoding=\"async\" src=\"https:\/\/eurotherm.eu\/wp-content\/uploads\/2021\/09\/Team_Mathieu-Breton-250x250.jpg\" alt=\"Eurotherm\" title=\"Eurotherm\">\n                                                            <\/div>\n                            <div class=\"mt-3 card-data\">\n                                <span class=\"d-block mb-2\">Mathieu Breton<br><\/span>\n                                <span class=\"bahnschrift body-sm d-block mb-2 text-gray card-member\">CEO Industrie-Syst\u00e8mes SARL<br><\/span>\n                                                                                            <\/div>\n                        <\/div>\n                    <\/div>\n\n                                    \n                    <div class=\"card-contacts\">\n                        <div class=\"card-content py-1 px-2 py-lg-3 px-lg-4\">\n                            <div class=\"respimg-cont bordered-img\">\n                                                                    <img decoding=\"async\" src=\"https:\/\/eurotherm.eu\/wp-content\/uploads\/2023\/05\/MUZ0646-Santos-low-1-250x250.jpg\" alt=\"Eurotherm\" title=\"Eurotherm\">\n                                                            <\/div>\n                            <div class=\"mt-3 card-data\">\n                                <span class=\"d-block mb-2\">Clara Santos<br><\/span>\n                                <span class=\"bahnschrift body-sm d-block mb-2 text-gray card-member\">Franz\u00f6sisches Vertriebsb\u00fcro<br><\/span>\n                                                                                            <\/div>\n                        <\/div>\n                    <\/div>\n\n                                            <\/div>\n                                                            <div class=\"swiper-slide\">\n                    \n                    <div class=\"card-contacts\">\n                        <div class=\"card-content py-1 px-2 py-lg-3 px-lg-4\">\n                            <div class=\"respimg-cont bordered-img\">\n                                                                    <img decoding=\"async\" src=\"https:\/\/eurotherm.eu\/wp-content\/uploads\/2018\/11\/Team-Eurotherm-24-250x250.jpg\" alt=\"Eurotherm\" title=\"Eurotherm\">\n                                                            <\/div>\n                            <div class=\"mt-3 card-data\">\n                                <span class=\"d-block mb-2\">Aldo Rogina<br><\/span>\n                                <span class=\"bahnschrift body-sm d-block mb-2 text-gray card-member\">Verkaufsb\u00fcro<br><\/span>\n                                                                                            <\/div>\n                        <\/div>\n                    <\/div>\n\n                                    \n                    <div class=\"card-contacts\">\n                        <div class=\"card-content py-1 px-2 py-lg-3 px-lg-4\">\n                            <div class=\"respimg-cont bordered-img\">\n                                                                    <img decoding=\"async\" src=\"https:\/\/eurotherm.eu\/wp-content\/uploads\/2018\/11\/Team-Eurotherm-21-1-250x250.jpg\" alt=\"Eurotherm\" title=\"Eurotherm\">\n                                                            <\/div>\n                            <div class=\"mt-3 card-data\">\n                                <span class=\"d-block mb-2\">Zeno Marchi<br><\/span>\n                                <span class=\"bahnschrift body-sm d-block mb-2 text-gray card-member\">Technischer Direktor<br><\/span>\n                                                                                            <\/div>\n                        <\/div>\n                    <\/div>\n\n                                            <\/div>\n                                                            <div class=\"swiper-slide\">\n                    \n                    <div class=\"card-contacts\">\n                        <div class=\"card-content py-1 px-2 py-lg-3 px-lg-4\">\n                            <div class=\"respimg-cont bordered-img\">\n                                                                    <img decoding=\"async\" src=\"https:\/\/eurotherm.eu\/wp-content\/uploads\/2021\/06\/Michele-Peretti-1-250x250.jpg\" alt=\"Eurotherm\" title=\"Eurotherm\">\n                                                            <\/div>\n                            <div class=\"mt-3 card-data\">\n                                <span class=\"d-block mb-2\">Michele Peretti<br><\/span>\n                                <span class=\"bahnschrift body-sm d-block mb-2 text-gray card-member\">Verkaufsb\u00fcro<br><\/span>\n                                                                                            <\/div>\n                        <\/div>\n                    <\/div>\n\n                                    \n                    <div class=\"card-contacts\">\n                        <div class=\"card-content py-1 px-2 py-lg-3 px-lg-4\">\n                            <div class=\"respimg-cont bordered-img\">\n                                                                    <img decoding=\"async\" src=\"https:\/\/eurotherm.eu\/wp-content\/uploads\/2018\/11\/Team-Eurotherm-11-1-250x250.jpg\" alt=\"Eurotherm\" title=\"Eurotherm\">\n                                                            <\/div>\n                            <div class=\"mt-3 card-data\">\n                                <span class=\"d-block mb-2\">Roberto Bramoso<br><\/span>\n                                <span class=\"bahnschrift body-sm d-block mb-2 text-gray card-member\">Projektleiter<br><\/span>\n                                                                                            <\/div>\n                        <\/div>\n                    <\/div>\n\n                                            <\/div>\n                                                            <div class=\"swiper-slide\">\n                    \n                    <div class=\"card-contacts\">\n                        <div class=\"card-content py-1 px-2 py-lg-3 px-lg-4\">\n                            <div class=\"respimg-cont bordered-img\">\n                                                                    <img decoding=\"async\" src=\"https:\/\/eurotherm.eu\/wp-content\/uploads\/2020\/04\/Alessandro-Magnapane-1-250x250.jpg\" alt=\"Eurotherm\" title=\"Eurotherm\">\n                                                            <\/div>\n                            <div class=\"mt-3 card-data\">\n                                <span class=\"d-block mb-2\">Alessandro Magnapane<br><\/span>\n                                <span class=\"bahnschrift body-sm d-block mb-2 text-gray card-member\">Verkaufsb\u00fcro<br><\/span>\n                                                                                            <\/div>\n                        <\/div>\n                    <\/div>\n\n                                    \n                    <div class=\"card-contacts\">\n                        <div class=\"card-content py-1 px-2 py-lg-3 px-lg-4\">\n                            <div class=\"respimg-cont bordered-img\">\n                                                                    <img decoding=\"async\" src=\"https:\/\/eurotherm.eu\/wp-content\/uploads\/2018\/11\/Team-Eurotherm-08-1-250x250.jpg\" alt=\"Eurotherm\" title=\"Eurotherm\">\n                                                            <\/div>\n                            <div class=\"mt-3 card-data\">\n                                <span class=\"d-block mb-2\">Rocco D&#8217;Aloia<br><\/span>\n                                <span class=\"bahnschrift body-sm d-block mb-2 text-gray card-member\">Projektleiter<br><\/span>\n                                                                                            <\/div>\n                        <\/div>\n                    <\/div>\n\n                                            <\/div>\n                                                            <div class=\"swiper-slide\">\n                    \n                    <div class=\"card-contacts\">\n                        <div class=\"card-content py-1 px-2 py-lg-3 px-lg-4\">\n                            <div class=\"respimg-cont bordered-img\">\n                                                                    <img decoding=\"async\" src=\"https:\/\/eurotherm.eu\/wp-content\/uploads\/2021\/06\/Sergio-Melas-1-250x250.jpg\" alt=\"Eurotherm\" title=\"Eurotherm\">\n                                                            <\/div>\n                            <div class=\"mt-3 card-data\">\n                                <span class=\"d-block mb-2\">Sergio Melas<br><\/span>\n                                <span class=\"bahnschrift body-sm d-block mb-2 text-gray card-member\">Produktionsleiter<br><\/span>\n                                                                                            <\/div>\n                        <\/div>\n                    <\/div>\n\n                                    \n                    <div class=\"card-contacts\">\n                        <div class=\"card-content py-1 px-2 py-lg-3 px-lg-4\">\n                            <div class=\"respimg-cont bordered-img\">\n                                                                    <img decoding=\"async\" src=\"https:\/\/eurotherm.eu\/wp-content\/uploads\/2018\/11\/Team-Eurotherm-05-1-250x250.jpg\" alt=\"Eurotherm\" title=\"Eurotherm\">\n                                                            <\/div>\n                            <div class=\"mt-3 card-data\">\n                                <span class=\"d-block mb-2\">Alessandro Degli Emili<br><\/span>\n                                <span class=\"bahnschrift body-sm d-block mb-2 text-gray card-member\">Projektleiter<br><\/span>\n                                                                                            <\/div>\n                        <\/div>\n                    <\/div>\n\n                                            <\/div>\n                                                            <div class=\"swiper-slide\">\n                    \n                    <div class=\"card-contacts\">\n                        <div class=\"card-content py-1 px-2 py-lg-3 px-lg-4\">\n                            <div class=\"respimg-cont bordered-img\">\n                                                                    <img decoding=\"async\" src=\"https:\/\/eurotherm.eu\/wp-content\/uploads\/2018\/11\/Team-Eurotherm-15-1-250x250.jpg\" alt=\"Eurotherm\" title=\"Eurotherm\">\n                                                            <\/div>\n                            <div class=\"mt-3 card-data\">\n                                <span class=\"d-block mb-2\">Davide Quartana<br><\/span>\n                                <span class=\"bahnschrift body-sm d-block mb-2 text-gray card-member\">Projektleiter<br><\/span>\n                                                                                            <\/div>\n                        <\/div>\n                    <\/div>\n\n                                    \n                    <div class=\"card-contacts\">\n                        <div class=\"card-content py-1 px-2 py-lg-3 px-lg-4\">\n                            <div class=\"respimg-cont bordered-img\">\n                                                                    <img decoding=\"async\" src=\"https:\/\/eurotherm.eu\/wp-content\/uploads\/2021\/06\/Massimiliano-Bertolino-1-250x250.jpg\" alt=\"Eurotherm\" title=\"Eurotherm\">\n                                                            <\/div>\n                            <div class=\"mt-3 card-data\">\n                                <span class=\"d-block mb-2\">Massimiliano Bertolino<br><\/span>\n                                <span class=\"bahnschrift body-sm d-block mb-2 text-gray card-member\">Einkauf<br><\/span>\n                                                                                            <\/div>\n                        <\/div>\n                    <\/div>\n\n                                            <\/div>\n                                                            <div class=\"swiper-slide\">\n                    \n                    <div class=\"card-contacts\">\n                        <div class=\"card-content py-1 px-2 py-lg-3 px-lg-4\">\n                            <div class=\"respimg-cont bordered-img\">\n                                                                    <img decoding=\"async\" src=\"https:\/\/eurotherm.eu\/wp-content\/uploads\/2018\/11\/Team-Eurotherm-23-250x250.jpg\" alt=\"Eurotherm\" title=\"Eurotherm\">\n                                                            <\/div>\n                            <div class=\"mt-3 card-data\">\n                                <span class=\"d-block mb-2\">Simone Gatto<br><\/span>\n                                <span class=\"bahnschrift body-sm d-block mb-2 text-gray card-member\">Projektleiter<br><\/span>\n                                                                                            <\/div>\n                        <\/div>\n                    <\/div>\n\n                                    \n                    <div class=\"card-contacts\">\n                        <div class=\"card-content py-1 px-2 py-lg-3 px-lg-4\">\n                            <div class=\"respimg-cont bordered-img\">\n                                                                    <img decoding=\"async\" src=\"https:\/\/eurotherm.eu\/wp-content\/uploads\/2018\/11\/Team-Eurotherm-06-1-250x250.jpg\" alt=\"Eurotherm\" title=\"Eurotherm\">\n                                                            <\/div>\n                            <div class=\"mt-3 card-data\">\n                                <span class=\"d-block mb-2\">Donatella Muscas<br><\/span>\n                                <span class=\"bahnschrift body-sm d-block mb-2 text-gray card-member\">Buchhaltung<br><\/span>\n                                                                                            <\/div>\n                        <\/div>\n                    <\/div>\n\n                                            <\/div>\n                                                            <div class=\"swiper-slide\">\n                    \n                    <div class=\"card-contacts\">\n                        <div class=\"card-content py-1 px-2 py-lg-3 px-lg-4\">\n                            <div class=\"respimg-cont bordered-img\">\n                                                                    <img decoding=\"async\" src=\"https:\/\/eurotherm.eu\/wp-content\/uploads\/2018\/11\/Team-Eurotherm-04-250x250.jpg\" alt=\"Eurotherm\" title=\"Eurotherm\">\n                                                            <\/div>\n                            <div class=\"mt-3 card-data\">\n                                <span class=\"d-block mb-2\">Gianpaolo Candelero<br><\/span>\n                                <span class=\"bahnschrift body-sm d-block mb-2 text-gray card-member\">Technische Dokumentation<br><\/span>\n                                                                                            <\/div>\n                        <\/div>\n                    <\/div>\n\n                                    \n                    <div class=\"card-contacts\">\n                        <div class=\"card-content py-1 px-2 py-lg-3 px-lg-4\">\n                            <div class=\"respimg-cont bordered-img\">\n                                                                    <img decoding=\"async\" src=\"https:\/\/eurotherm.eu\/wp-content\/uploads\/2023\/05\/MUZ0738-De-Stefano-low-1-250x250.jpg\" alt=\"Eurotherm\" title=\"Eurotherm\">\n                                                            <\/div>\n                            <div class=\"mt-3 card-data\">\n                                <span class=\"d-block mb-2\">Daniela De Stefano<br><\/span>\n                                <span class=\"bahnschrift body-sm d-block mb-2 text-gray card-member\">Buchhaltung<br><\/span>\n                                                                                            <\/div>\n                        <\/div>\n                    <\/div>\n\n                                            <\/div>\n                                                            <div class=\"swiper-slide\">\n                    \n                    <div class=\"card-contacts\">\n                        <div class=\"card-content py-1 px-2 py-lg-3 px-lg-4\">\n                            <div class=\"respimg-cont bordered-img\">\n                                                                    <img decoding=\"async\" src=\"https:\/\/eurotherm.eu\/wp-content\/uploads\/2018\/11\/Team-Eurotherm-12-250x250.jpg\" alt=\"Eurotherm\" title=\"Eurotherm\">\n                                                            <\/div>\n                            <div class=\"mt-3 card-data\">\n                                <span class=\"d-block mb-2\">Federico Frijia<br><\/span>\n                                <span class=\"bahnschrift body-sm d-block mb-2 text-gray card-member\">Service und Ersatzteile<br><\/span>\n                                                                                            <\/div>\n                        <\/div>\n                    <\/div>\n\n                                            <\/div>\n                                                <\/div>\n            <div class=\"general-swiper-nav d-flex justify-content-center justify-content-lg-end order-1\">\n                <div class=\"btn btn-rounded btn-outline-primary staff-prev me-3\">&lt;<\/div>\n                <div class=\"btn btn-rounded btn-outline-primary staff-next\">&gt;<\/div>\n            <\/div>\n        <\/div>\n    <\/div>\n<\/section>\n\n\n\n\n<section   class=\"overflow-hidden content-block margin-big\">\n    <p class=\"marquee\">\n        <span class=\"h1 xl\">&#8211; Wir sind erfolgreich durch Exzellenz und Innovation<\/span>\n    <\/p>\n<\/section>\n\n\n\n\n\n<section  class=\"padding-small\">\n    <div class=\"container-fluid py-5\">\n                <div class=\"row my-5\">\n            <div class=\"col-lg-2\">\n                <h2 class=\"bordered-title h4 text-primary\">Unsere Werte<\/h2>\n            <\/div>\n        <\/div>\n                            <div class=\"row\">\n                <div class=\"col-lg-10 offset-lg-1\">\n                    <div class=\"grid-layout\">\n                                                    <div class=\"card-item \">\n                                <small>01<\/small>\n                                <p><p>Eurotherm h\u00e4lt sich an ein ethisches F\u00fchrungsmodell, das Fairness und Integrit\u00e4t in seiner Arbeit garantiert.<\/p>\n<\/p>\n                            <\/div>\n                                                        <div class=\"card-item active\">\n                                <small>02<\/small>\n                                <p><p>Wir verpflichten uns zu v\u00f6lliger<span style=\"color: #f22821;\"> Transparenz<\/span> gegen\u00fcber unseren Kunden, was die Designabsichten und die Preispolitik betrifft.<\/p>\n<\/p>\n                            <\/div>\n                                                        <div class=\"card-item tall\">\n                                <small>03<\/small>\n                                <p><p>Wir sorgen f\u00fcr ein sicheres und integratives Arbeitsumfeld f\u00fcr alle unsere Mitarbeiter.<\/p>\n<\/p>\n                            <\/div>\n                                                        <div class=\"card-item \">\n                                <small>04<\/small>\n                                <p><p>Wir nutzen unsere Ressourcen effizient, verwenden und recyceln Materialien wo immer m\u00f6glich.<\/p>\n<\/p>\n                            <\/div>\n                                                        <div class=\"card-item \">\n                                <small>05<\/small>\n                                <p><p>Wir investieren in Forschung und Entwicklung, um weniger belastende Technologien einzusetzen und Nachhaltigkeit in unsere Produktionsentscheidungen zu integrieren.<\/p>\n<\/p>\n                            <\/div>\n                                                <\/div>\n                <\/div>\n            <\/div>\n            <\/div>\n    <section class=\"bg-secondary\">\n        <div class=\"container-fluid py-5\">\n            <div class=\"row mt-4\">\n                                <div class=\"col-lg-4\">\n                    <h2 class=\"bordered-title text-primary h4\">Wichtige Punkte<\/h2>\n                <\/div>\n                                                <div class=\"col-lg-6 offset-lg-2\">\n                    <div class=\"text-white h6\"><p>Wir entwickeln professionelle Lackierl\u00f6sungen und stellen komplette Spritzkabinen und Lackieranlagen f\u00fcr verschiedene Branchen im eigenen Haus her. Die kontinuierliche Suche nach innovativen L\u00f6sungen und der Einsatz fortschrittlicher Technologien f\u00fchren zu einem ausgezeichneten Preis-Leistungs-Verh\u00e4ltnis unserer Maschinen und zur Gew\u00e4hrleistung einer effizienteren und sichereren Arbeit f\u00fcr die Bediener. Unsere Produktion ist vollst\u00e4ndig Made in Italy, vom Rohmaterial bis zu den Beschichtungen.  <\/p>\n<\/div>\n                <\/div>\n                                                <div class=\"col-12\">\n                    <ul class=\"list-unstyled key-points-list mt-5\">\n                                                <li>\n                                                        <span class=\"key-point-text\">Anlagen pro Jahr<\/span>\n                                                                                    <span class=\"mega-number\">~250<\/span>\n                                                    <\/li>\n                                                <li>\n                                                        <span class=\"key-point-text\">B\u00fcro, Metallbearbeitung und Lackierung<\/span>\n                                                                                    <span class=\"mega-number\">4.700 m\u00b2<\/span>\n                                                    <\/li>\n                                                <li>\n                                                        <span class=\"key-point-text\">Produktion, Montage, Lager und Versandbereich<\/span>\n                                                                                    <span class=\"mega-number\">5.300 m\u00b2<\/span>\n                                                    <\/li>\n                                            <\/ul>\n                <\/div>\n                            <\/div> \n        <\/div>\n    <\/section>\n\n<\/section>\n\n\n<section  class=\"content-block overflow-hidden padding-small\">\n    <div class=\"container-fluid\">\n        <div class=\"row\">\n                        <div class=\"col-12\">\n                <h2 class=\"bordered-title h6\"><span style=\"color: #f22821;\">Download-Bereich<\/span><\/h2>\n            <\/div>\n                        <div class=\"col-12\">\n                                <h3 class=\"h2\">Pressemitteilung herunterladen<\/h3>\n                                                <div class=\"download-cards\">\n                    <div class=\"row\">\n                                            <div class=\"col-lg-6 col-xl-4\">\n                            <div class=\"card overflow-hidden\">\n                                <div class=\"card-content py-3 px-4\">\n                                    <h3 class=\"h6 entry-title\">\n                                        <a target=\"_blank\" class=\"news-thumb text-secondary\" href=\"https:\/\/eurotherm.eu\/wp-content\/uploads\/2025\/09\/DE_Company-profile_Eurotherm-2025.pdf\">\n                                            <span class=\"bahnschrift text-primary\">01<\/span>\n                                            Company profile Eurotherm 2025 &#8211; DE                                        <\/a>\n                                    <\/h3>\n                                    <hr>\n                                    <a href=\"https:\/\/eurotherm.eu\/wp-content\/uploads\/2025\/09\/DE_Company-profile_Eurotherm-2025.pdf\" class=\"read-more d-flex align-items-center justify-content-between text-decoration-none\" download>\n                                        <div class=\"download-info d-flex justify-content-between\">\n                                            <span class=\"download-icon d-inline-block\">\n                                                <img decoding=\"async\" class=\"respimg\" src=\"https:\/\/eurotherm.eu\/wp-content\/themes\/Eurotherm-Theme\/assets\/img\/icons\/icon-press-release.svg\" alt=\"Download Pdf\" title=\"Eurotherm\">\n                                            <\/span>\n                                            <div class=\"text-gray ms-3\">\n                                                <span class=\"d-block\">01.09.25<\/span>\n                                                <span class=\"d-block\">6MB<\/span>\n                                            <\/div>\n                                        <\/div>\n                                        <div class=\"d-flex justify-content-between align-items-center\">\n                                            <span class=\"text-secondary me-3\">Download file<\/span>\n                                            <button class=\"btn btn-outline-primary btn-rounded arrow-button\">&gt;<\/button>\n                                        <\/div>\n                                    <\/a>\n                                <\/div>\n                            <\/div>\n                        <\/div>\n                        \n                    <\/div>\n                <\/div>\n                            <\/div>\n        <\/div>\n    <\/div>\n<\/section>\n\n\n<section  class=\"content-block overflow-hidden margin-big\">\n\t<div class=\"container-fluid\">\n\t\t<div class=\"row mt-4 mb-5\">\n\t\t\t\t\t\t<div class=\"col-lg-2 d-flex\">\n\t\t\t\t<div class=\"\">\n\t\t\t\t\t\t\t\t\t\t<h2 class=\"bordered-title text-primary h4\">Coral Gruppe<\/h2>\n\t\t\t\t\t\t\t\t\t<\/div>\n\t\t\t<\/div>\n\t\t\t\t\t\t<div class=\"col-lg-7\">\n\t\t\t\t<h3 class=\"h1 colorating-text text-secondary\">\n\t\t\t\t\t<p>Eurotherm ist Teil der <a href=\"https:\/\/coralgroup.eu\/\" target=\"_blank\" rel=\"noopener\"><span style=\"color: #f22821;\">Coral-Gruppe<\/span><\/a>einer Unternehmensgruppe, die sich auf die Filtration und Reinigung von Luft und Wasser spezialisiert hat. Sie wurde mit dem Ziel gegr\u00fcndet, ein neues industrielles Bewusstsein zu f\u00f6rdern, das neben dem Profit auch das \u00f6kologische Wohlbefinden im Blick hat.<\/p>\n\t\t\t\t<\/h3>\n\t\t\t<\/div>\n\t\t\t\t\t\t\t\t\t<div class=\"col-lg-3\">\n\t\t\t\t<div class=\"h6 mt-4\">\n\t\t\t\t\t<p>Wenn die Beseitigung der Umweltverschmutzung das Produktionsmerkmal darstellt, das alle Parteien vereint, so stellt die gemeinsame Nutzung von Produktions- und Gesch\u00e4ftsverm\u00f6gen die gemeinsame Nutzung von Werten dar, die es uns erm\u00f6glicht, vorausschauend in die Zukunft zu blicken.<\/p>\n<p>In diesem Sinne setzt das Eurotherm-Team all seine Fachkenntnisse in den verschiedenen Bereichen ein, um effektive Produkte herzustellen, die den Bed\u00fcrfnissen der Kunden entsprechen.<\/p>\n\t\t\t\t<\/div>\n\t\t\t<\/div>\n\t\t\t\t\t\t\t\t\t<div class=\"col-lg-12 mt-5\">\n\t\t\t\t<div class=\"row\">\n\t\t\t\t\t\t\t\t\t\t<div class=\"col-6 col-lg-4 mb-3\">\n\t\t\t\t\t\t<div class=\"respimg-cont\">\n\t\t\t\t\t\t\t<img decoding=\"async\" src=\"https:\/\/eurotherm.eu\/wp-content\/uploads\/2025\/05\/Coral-Group-Logo.png\" alt=\"Coral-Group-Logo\" title=\"Eurotherm\">\n\t\t\t\t\t\t<\/div>\n\t\t\t\t\t<\/div>\n\t\t\t\t\t\t\t\t\t\t<div class=\"col-6 col-lg-4 mb-3\">\n\t\t\t\t\t\t<div class=\"respimg-cont\">\n\t\t\t\t\t\t\t<img decoding=\"async\" src=\"https:\/\/eurotherm.eu\/wp-content\/uploads\/2025\/05\/Eurotherm-Logo.png\" alt=\"Eurotherm-Logo\" title=\"Eurotherm\">\n\t\t\t\t\t\t<\/div>\n\t\t\t\t\t<\/div>\n\t\t\t\t\t\t\t\t\t\t<div class=\"col-6 col-lg-4 mb-3\">\n\t\t\t\t\t\t<div class=\"respimg-cont\">\n\t\t\t\t\t\t\t<img decoding=\"async\" src=\"https:\/\/eurotherm.eu\/wp-content\/uploads\/2025\/05\/Tama-Aernova-Logo.png\" alt=\"Tama-Aernova-Logo\" title=\"Eurotherm\">\n\t\t\t\t\t\t<\/div>\n\t\t\t\t\t<\/div>\n\t\t\t\t\t\t\t\t\t\t<div class=\"col-6 col-lg-4 mb-3\">\n\t\t\t\t\t\t<div class=\"respimg-cont\">\n\t\t\t\t\t\t\t<img decoding=\"async\" src=\"https:\/\/eurotherm.eu\/wp-content\/uploads\/2025\/05\/Altair-Logo.png\" alt=\"Altair-Logo\" title=\"Eurotherm\">\n\t\t\t\t\t\t<\/div>\n\t\t\t\t\t<\/div>\n\t\t\t\t\t\t\t\t\t\t<div class=\"col-6 col-lg-4 mb-3\">\n\t\t\t\t\t\t<div class=\"respimg-cont\">\n\t\t\t\t\t\t\t<img decoding=\"async\" src=\"https:\/\/eurotherm.eu\/wp-content\/uploads\/2025\/05\/Filcar-Logo.png\" alt=\"Filcar-Logo\" title=\"Eurotherm\">\n\t\t\t\t\t\t<\/div>\n\t\t\t\t\t<\/div>\n\t\t\t\t\t\t\t\t\t\t<div class=\"col-6 col-lg-4 mb-3\">\n\t\t\t\t\t\t<div class=\"respimg-cont\">\n\t\t\t\t\t\t\t<img decoding=\"async\" src=\"https:\/\/eurotherm.eu\/wp-content\/uploads\/2025\/05\/Micronfilter-Logo.png\" alt=\"Micronfilter-Logo\" title=\"Eurotherm\">\n\t\t\t\t\t\t<\/div>\n\t\t\t\t\t<\/div>\n\t\t\t\t\t\t\t\t\t\t<div class=\"col-6 col-lg-4 mb-3\">\n\t\t\t\t\t\t<div class=\"respimg-cont\">\n\t\t\t\t\t\t\t<img decoding=\"async\" src=\"https:\/\/eurotherm.eu\/wp-content\/uploads\/2025\/05\/Depureco-Logo.png\" alt=\"Depureco-Logo\" title=\"Eurotherm\">\n\t\t\t\t\t\t<\/div>\n\t\t\t\t\t<\/div>\n\t\t\t\t\t\t\t\t\t\t<div class=\"col-6 col-lg-4 mb-3\">\n\t\t\t\t\t\t<div class=\"respimg-cont\">\n\t\t\t\t\t\t\t<img decoding=\"async\" src=\"https:\/\/eurotherm.eu\/wp-content\/uploads\/2025\/05\/EcoTech-Logo.png\" alt=\"EcoTech-Logo\" title=\"Eurotherm\">\n\t\t\t\t\t\t<\/div>\n\t\t\t\t\t<\/div>\n\t\t\t\t\t\t\t\t\t\t<div class=\"col-6 col-lg-4 mb-3\">\n\t\t\t\t\t\t<div class=\"respimg-cont\">\n\t\t\t\t\t\t\t<img decoding=\"async\" src=\"https:\/\/eurotherm.eu\/wp-content\/uploads\/2025\/05\/Coind-Logo.png\" alt=\"Coind-Logo\" title=\"Eurotherm\">\n\t\t\t\t\t\t<\/div>\n\t\t\t\t\t<\/div>\n\t\t\t\t\t\t\t\t\t\t<div class=\"col-6 col-lg-4 mb-3\">\n\t\t\t\t\t\t<div class=\"respimg-cont\">\n\t\t\t\t\t\t\t<img decoding=\"async\" src=\"https:\/\/eurotherm.eu\/wp-content\/uploads\/2025\/05\/Gartec-Logo.png\" alt=\"Gartec-Logo\" title=\"Eurotherm\">\n\t\t\t\t\t\t<\/div>\n\t\t\t\t\t<\/div>\n\t\t\t\t\t\t\t\t\t<\/div>\n\t\t\t<\/div>\n\t\t\t\t\t<\/div>\n\t<\/div>\n<\/section>\n\n\n<section  class=\"content-block overflow-hidden margin-big\" style=\"--color-animate-to: #181e25;\">\n    <div class=\"container-fluid\">\n        <div class=\"row\">\n                            <div class=\"col-lg-10 offset-lg-1\">\n                    <div class=\"h1 colorating-text text-gray\"><p>&#8222;Investitionen in die Gesundheit sind eine Voraussetzung f\u00fcr die Entwicklung eines jeden Unternehmens, denn sie sind der einzige Weg nach vorne.<\/p>\n<\/div>\n                                    <\/div>\n                    <\/div>\n    <\/div>\n<\/section>\n\n\n\n<style>\n    #map {\n      height: 80vh;\n      width: 100%;\n    }\n    .gm-style-iw-d {\n        overflow: visible !important;\n    }\n\n    .custom-info-window {\n        width: 250px;\n    }\n\n    \/* Nasconde l'arrow della InfoWindow *\/\n    .gm-style-iw-t::after,\n    .gm-style-iw-tc,\n    .gm-style-iw-t::before {\n        display: none !important;\n    }\n    .gm-ui-hover-effect {\n      position: absolute !important;\n      top:0;\n      right:0;\n    }\n  <\/style>\n  <section  class=\"map-overlay position-relative\">\n        <div class=\"map-overlay-inner\">\n        <div class=\"container-fluid\">\n            <div class=\"row flex-1 align-items-start\">\n                <div class=\"col-lg-6\">\n                    <h2 class=\"mt-5 h4 bordered-title text-primary\">Wo wir sind\n<\/h2>\n                <\/div>\n            <\/div>\n        <\/div>\n    <\/div>\n        \n    <div id=\"map\"><\/div>\n  <\/section>\n  \n\n  <script>\n    const snazzyStyle = [\n      {\n        featureType: \"all\",\n        elementType: \"geometry\",\n        stylers: [{ color: \"#63b5e5\" }]\n      },\n      {\n        featureType: \"all\",\n        elementType: \"labels.text.fill\",\n        stylers: [{ gamma: 0.01 }, { lightness: 20 }]\n      },\n      {\n        featureType: \"all\",\n        elementType: \"labels.text.stroke\",\n        stylers: [\n          { saturation: -31 },\n          { lightness: -33 },\n          { weight: 2 },\n          { gamma: 0.8 }\n        ]\n      },\n      {\n        featureType: \"all\",\n        elementType: \"labels.icon\",\n        stylers: [{ visibility: \"off\" }]\n      },\n      {\n        featureType: \"administrative\",\n        elementType: \"all\",\n        stylers: [{ visibility: \"off\" }]\n      },\n      {\n        featureType: \"administrative\",\n        elementType: \"labels\",\n        stylers: [{ visibility: \"off\" }]\n      },\n      {\n        featureType: \"landscape\",\n        elementType: \"geometry\",\n        stylers: [\n          { lightness: 30 },\n          { saturation: 30 },\n          { color: \"#171c21\" }\n        ]\n      },\n      {\n        featureType: \"landscape\",\n        elementType: \"labels\",\n        stylers: [{ visibility: \"off\" }]\n      },\n      {\n        featureType: \"poi\",\n        elementType: \"all\",\n        stylers: [{ visibility: \"off\" }]\n      },\n      {\n        featureType: \"poi\",\n        elementType: \"geometry\",\n        stylers: [{ saturation: 20 }]\n      },\n      {\n        featureType: \"poi.park\",\n        elementType: \"geometry\",\n        stylers: [{ lightness: 20 }, { saturation: -20 }]\n      },\n      {\n        featureType: \"road\",\n        elementType: \"all\",\n        stylers: [{ color: \"#717b79\" }]\n      },\n      {\n        featureType: \"road\",\n        elementType: \"geometry\",\n        stylers: [\n          { lightness: 10 },\n          { saturation: -30 },\n          { color: \"#717b79\" }\n        ]\n      },\n      {\n        featureType: \"road\",\n        elementType: \"geometry.stroke\",\n        stylers: [\n          { saturation: 25 },\n          { lightness: 25 },\n          { color: \"#717b79\" }\n        ]\n      },\n      {\n        featureType: \"water\",\n        elementType: \"all\",\n        stylers: [{ visibility: \"on\" }, { color: \"#373d45\" }]\n      }\n    ];\n\n    function initMap() {\n      let currentInfoWindow = null;\n\n      const map = new google.maps.Map(document.getElementById(\"map\"), {\n        zoom: 6.5,\n        center: { lat: 45.392802, lng: 5.691632 },\n        disableDefaultUI: true,\n        draggable: true,\n        scrollwheel: true,\n        disableDoubleClickZoom: false,\n        styles: snazzyStyle\n      });\n\n        const markersData = [{\"lat\":45.18526778352671868788092979229986667633056640625,\"lng\":7.79012408737266781599828391335904598236083984375,\"title\":\"Eurotherm\\nVia Pisa, 78 10088\\nVolpiano (TO) Italien\\n+39 011.9823500\\n\\n  info@eurotherm.eu\\n\",\"html\":\"<h6>Eurotherm<\\\/h6>\\n<p><span class=\\\"bahnschrift text-gray\\\"><i class=\\\"icon icon-location\\\"><\\\/i>Via Pisa, 78 10088<br \\\/>\\nVolpiano (TO) Italien<\\\/span><\\\/p>\\n<p><span class=\\\"bahnschrift text-gray\\\"><i class=\\\"icon icon-phone\\\"><\\\/i>+39 011.9823500<br \\\/>\\n<\\\/span><br \\\/>\\n<a class=\\\"bahnschrift text-gray\\\" href=\\\"mailto:info@eurotherm.eu\\\"><i class=\\\"icon icon-mail\\\"><\\\/i>  info@eurotherm.eu<\\\/a><\\\/p>\\n\",\"tipo\":\"\"},{\"lat\":45.40274036916076738634728826582431793212890625,\"lng\":10.973455249863089733253218582831323146820068359375,\"title\":\"Eurotherm Verona\\nViale Delle Nazioni, 10 37135 Verona (VR)\\n\",\"html\":\"<h6>Eurotherm Verona<\\\/h6>\\n<p><span class=\\\"bahnschrift text-gray\\\"><i class=\\\"icon icon-location\\\"><\\\/i>Viale Delle Nazioni, 10 37135 Verona (VR)<\\\/span><\\\/p>\\n\",\"tipo\":\"\"},{\"lat\":48.092631009217910786901484243571758270263671875,\"lng\":9.1515970559236876624709111638367176055908203125,\"title\":\"Eurotherm Oberfl\u00e4chentechnik GmbH\\nSchulweg 672488 SigmaringenDeutschland\\n  +49 7571 92795 10\\n  +49 7571\\\/92795-99\\n  info@eurotherm.eu\\n\",\"html\":\"<h6>Eurotherm Oberfl\u00e4chentechnik GmbH<\\\/h6>\\n<p><span class=\\\"bahnschrift text-gray\\\"><i class=\\\"icon icon-location\\\"><\\\/i>Schulweg 6<br \\\/>72488 Sigmaringen<br \\\/>Deutschland<\\\/span><\\\/p>\\n<p><span class=\\\"bahnschrift text-gray\\\"><i class=\\\"icon icon-phone\\\"><\\\/i>  +49 7571 92795 10<\\\/span><\\\/p>\\n<p><span class=\\\"bahnschrift text-gray\\\"><i class=\\\"icon icon-phone\\\"><\\\/i>  +49 7571\\\/92795-99<\\\/span><\\\/p>\\n<p><a class=\\\"bahnschrift text-gray\\\" href=\\\"mailto:france@eurotherm.eu\\\"><i class=\\\"icon icon-mail\\\"><\\\/i>  info@eurotherm.eu<\\\/a><\\\/p>\\n\",\"tipo\":\"\"},{\"lat\":45.6462761464399591204710304737091064453125,\"lng\":5.12454811349261429853640947840176522731781005859375,\"title\":\"Eurotherm Frankreich S.A.S.\\n71 rue Malacombe 38070\\nSt Quentin Fallavier, Frankreich\\n  +33 6 76 72 48 65\\n  france@eurotherm.eu\\n\",\"html\":\"<h6>Eurotherm Frankreich S.A.S.<\\\/h6>\\n<p><span class=\\\"bahnschrift text-gray\\\"><i class=\\\"icon icon-location\\\"><\\\/i>71 rue Malacombe 38070<br \\\/>\\nSt Quentin Fallavier, Frankreich<\\\/span><\\\/p>\\n<p><span class=\\\"bahnschrift text-gray\\\"><i class=\\\"icon icon-phone\\\"><\\\/i>  +33 6 76 72 48 65<\\\/span><\\\/p>\\n<p><a class=\\\"bahnschrift text-gray\\\" href=\\\"mailto:france@eurotherm.eu\\\"><i class=\\\"icon icon-mail\\\"><\\\/i>  france@eurotherm.eu<\\\/a><\\\/p>\\n\",\"tipo\":\"\"}];\n        const mapPlaceholderIcon = \"https:\/\/eurotherm.eu\/wp-content\/themes\/Eurotherm-Theme\/assets\/img\/icons\/map-placeholder.svg\";\n\n        markersData.forEach((sede) => {\n          const marker = new google.maps.Marker({\n            position: { lat: parseFloat(sede.lat), lng: parseFloat(sede.lng) },\n            map: map,\n            title: sede.title,\n            icon: {\n              url: mapPlaceholderIcon,\n              scaledSize: new google.maps.Size(32, 32)\n            }\n          });\n\n          const infoWindow = new google.maps.InfoWindow({\n            content: `<div class=\"custom-info-window\">\n                        <div class=\"custom-info-window-header\">\n                          <img decoding=\"async\" alt=\"\" src=\"${mapPlaceholderIcon}\" style=\"width: 32px; height: 32px;\" \/>\n                          ${sede.tipo ? `<span class=\"body-ssm text-uppercase\">${sede.tipo}<\/span>` : ''}\n                        <\/div>\n                        ${sede.html}\n                      <\/div>`,\n\n            pixelOffset: new google.maps.Size(60, 60)\n          });\n\n          marker.addListener(\"click\", function () {\n            if (currentInfoWindow) currentInfoWindow.close();\n            infoWindow.open(map, marker);\n            currentInfoWindow = infoWindow;\n          });\n        });\n\n\n    }\n  <\/script>\n\n  <!-- Caricamento API DOPO la definizione di initMap -->\n  <script\n    src=\"https:\/\/maps.googleapis.com\/maps\/api\/js?key=AIzaSyDs0meK1Pq1BPhiJf7HzhQuO9X9_rxM65E&#038;callback=initMap\"\n    async\n    defer>\n  <\/script>\n ","protected":false},"excerpt":{"rendered":"","protected":false},"author":1,"featured_media":43848,"parent":0,"menu_order":0,"comment_status":"closed","ping_status":"closed","template":"chi-siamo.php","meta":{"_acf_changed":false,"footnotes":""},"class_list":["post-50756","page","type-page","status-publish","has-post-thumbnail","hentry"],"acf":[],"_links":{"self":[{"href":"https:\/\/eurotherm.eu\/de\/wp-json\/wp\/v2\/pages\/50756","targetHints":{"allow":["GET"]}}],"collection":[{"href":"https:\/\/eurotherm.eu\/de\/wp-json\/wp\/v2\/pages"}],"about":[{"href":"https:\/\/eurotherm.eu\/de\/wp-json\/wp\/v2\/types\/page"}],"author":[{"embeddable":true,"href":"https:\/\/eurotherm.eu\/de\/wp-json\/wp\/v2\/users\/1"}],"replies":[{"embeddable":true,"href":"https:\/\/eurotherm.eu\/de\/wp-json\/wp\/v2\/comments?post=50756"}],"version-history":[{"count":16,"href":"https:\/\/eurotherm.eu\/de\/wp-json\/wp\/v2\/pages\/50756\/revisions"}],"predecessor-version":[{"id":54397,"href":"https:\/\/eurotherm.eu\/de\/wp-json\/wp\/v2\/pages\/50756\/revisions\/54397"}],"wp:featuredmedia":[{"embeddable":true,"href":"https:\/\/eurotherm.eu\/de\/wp-json\/wp\/v2\/media\/43848"}],"wp:attachment":[{"href":"https:\/\/eurotherm.eu\/de\/wp-json\/wp\/v2\/media?parent=50756"}],"curies":[{"name":"wp","href":"https:\/\/api.w.org\/{rel}","templated":true}]}}